{"id":740,"date":"2014-05-17T18:54:48","date_gmt":"2014-05-17T16:54:48","guid":{"rendered":"http:\/\/usvhofamtpriel.at\/?page_id=740"},"modified":"2019-09-16T20:00:37","modified_gmt":"2019-09-16T18:00:37","slug":"kontakt","status":"publish","type":"page","link":"http:\/\/usvhofamtpriel.at\/?page_id=740","title":{"rendered":"Kontakt"},"content":{"rendered":"<h3>Union Fu\u00dfballverein Hofamt Priel<\/h3>\n<p>Viehtrift 23<br \/>\n3681 Hofamt Priel<\/p>\n<p>ZVR: 448145450<\/p>\n<p><strong>Facebook<\/strong>: <a href=\"https:\/\/www.facebook.com\/pages\/USV-Hofamt-Priel\/120194671440297?ref=ts&amp;fref=ts\" target=\"_blank\" rel=\"noopener noreferrer\">https:\/\/www.facebook.com\/Fu\u00dfball Hofamt Priel<\/a><\/p>\n<table width=\"660\" style=\"height: 273px;\">\n<tbody>\n<tr>\n<td width=\"50%\"><a href=\"http:\/\/usvhofamtpriel.at\/wp-content\/uploads\/2014\/05\/UFV-M\u00e4dls-Logo.jpg\"><img decoding=\"async\" loading=\"lazy\" width=\"300\" height=\"283\" class=\"aligncenter wp-image-4397 size-medium\" alt=\"UFV M\u00e4dls Logo\" src=\"http:\/\/usvhofamtpriel.at\/wp-content\/uploads\/2014\/05\/UFV-M\u00e4dls-Logo-300x283.jpg\" srcset=\"http:\/\/usvhofamtpriel.at\/wp-content\/uploads\/2014\/05\/UFV-M\u00e4dls-Logo-300x283.jpg 300w, http:\/\/usvhofamtpriel.at\/wp-content\/uploads\/2014\/05\/UFV-M\u00e4dls-Logo-768x725.jpg 768w, http:\/\/usvhofamtpriel.at\/wp-content\/uploads\/2014\/05\/UFV-M\u00e4dls-Logo-159x150.jpg 159w, http:\/\/usvhofamtpriel.at\/wp-content\/uploads\/2014\/05\/UFV-M\u00e4dls-Logo-150x142.jpg 150w, http:\/\/usvhofamtpriel.at\/wp-content\/uploads\/2014\/05\/UFV-M\u00e4dls-Logo.jpg 936w\" sizes=\"(max-width: 300px) 100vw, 300px\" \/><\/a><\/td>\n<td width=\"50%\">&nbsp;<a href=\"http:\/\/usvhofamtpriel.at\/wp-content\/uploads\/2014\/05\/usv_logo.jpg\"><img decoding=\"async\" loading=\"lazy\" width=\"232\" height=\"300\" class=\"wp-image-742 size-medium aligncenter\" alt=\"usv_logo\" src=\"http:\/\/usvhofamtpriel.at\/wp-content\/uploads\/2014\/05\/usv_logo-232x300.jpg\" srcset=\"http:\/\/usvhofamtpriel.at\/wp-content\/uploads\/2014\/05\/usv_logo-232x300.jpg 232w, http:\/\/usvhofamtpriel.at\/wp-content\/uploads\/2014\/05\/usv_logo-116x150.jpg 116w, http:\/\/usvhofamtpriel.at\/wp-content\/uploads\/2014\/05\/usv_logo.jpg 536w\" sizes=\"(max-width: 232px) 100vw, 232px\" \/><\/a><\/td>\n<\/tr>\n<tr>\n<td width=\"50%\"><strong>Fu\u00dfball Damen:<\/strong>&nbsp;<\/p>\n<p>Carmen Hofer (Sportliche Leiterin Damen)<br \/>\n(0699) 117 120 45<\/p>\n<p>Karin Ringler (Kapit\u00e4nin)<br \/>\n(0664) 926 40 08<\/p>\n<p>Christopher Voigt (Trainer)<\/td>\n<td width=\"50%\">&nbsp;<strong>Fu\u00dfball Herren:<\/strong>&nbsp;<\/p>\n<p>Daniel Hofer (Obmann)<br \/>\n(0650) 526 52 56<\/p>\n<p>Franz Payreder&nbsp;(Trainer)<\/p>\n<p>&nbsp;<\/p>\n<p>&nbsp;<\/td>\n<\/tr>\n<\/tbody>\n<\/table>\n<p>&nbsp;<\/p>\n<h3>Vorstand<\/h3>\n<table width=\"660\" style=\"height: 273px;\">\n<tbody>\n<tr>\n<td width=\"50%\">Obmann<\/td>\n<td width=\"50%\">Daniel Erwin Hofer<\/td>\n<\/tr>\n<tr>\n<td width=\"50%\">Obmann Stellvertreter<\/td>\n<td width=\"50%\">Christian Sperl<\/td>\n<\/tr>\n<tr>\n<td width=\"50%\">Obmann Stellvertreter<\/td>\n<td width=\"50%\">Nicole Aistleitner<\/td>\n<\/tr>\n<tr>\n<td width=\"50%\">Schriftf\u00fchrer<\/td>\n<td width=\"50%\">Karin Ringler<\/td>\n<\/tr>\n<tr>\n<td width=\"50%\">Kassier<\/td>\n<td width=\"50%\">Manfred Porranzl<\/td>\n<\/tr>\n<tr>\n<td width=\"50%\">Beirat<\/td>\n<td width=\"50%\">Carmen Porranzl<\/td>\n<\/tr>\n<tr>\n<td width=\"50%\">Beirat<\/td>\n<td width=\"50%\">Viktoria Bierbaumer<\/td>\n<\/tr>\n<tr>\n<td width=\"50%\">Beirat<\/td>\n<td width=\"50%\">Lukas Bachinger<\/td>\n<\/tr>\n<tr>\n<td width=\"50%\">Beirat<\/td>\n<td width=\"50%\">Marion Aistleitner<\/td>\n<\/tr>\n<tr>\n<td width=\"50%\">Rechnungspr\u00fcfer<\/td>\n<td width=\"50%\">Alexander Moser<\/td>\n<\/tr>\n<tr>\n<td width=\"50%\">Rechnungspr\u00fcfer<\/td>\n<td width=\"50%\">Florian Gubitzer<\/td>\n<\/tr>\n<\/tbody>\n<\/table>\n","protected":false},"excerpt":{"rendered":"<p>Union Fu\u00dfballverein Hofamt Priel Viehtrift 23 3681 Hofamt Priel ZVR: 448145450 Facebook: https:\/\/www.facebook.com\/Fu\u00dfball Hofamt Priel &nbsp; Fu\u00dfball Damen:&nbsp; Carmen Hofer (Sportliche Leiterin Damen) (0699) 117 120 45 Karin Ringler (Kapit\u00e4nin) (0664) 926 40 08 Christopher Voigt (Trainer) &nbsp;Fu\u00dfball Herren:&nbsp; Daniel Hofer (Obmann) (0650) 526 52 56 Franz Payreder&nbsp;(Trainer) &nbsp; &nbsp;\u2026<\/p>\n<p class=\"continue-reading-button\"> <a class=\"continue-reading-link\" href=\"http:\/\/usvhofamtpriel.at\/?page_id=740\">mehr<i class=\"crycon-right-dir\"><\/i><\/a><\/p>\n","protected":false},"author":1,"featured_media":0,"parent":21,"menu_order":0,"comment_status":"closed","ping_status":"closed","template":"","meta":[],"_links":{"self":[{"href":"http:\/\/usvhofamtpriel.at\/index.php?rest_route=\/wp\/v2\/pages\/740"}],"collection":[{"href":"http:\/\/usvhofamtpriel.at\/index.php?rest_route=\/wp\/v2\/pages"}],"about":[{"href":"http:\/\/usvhofamtpriel.at\/index.php?rest_route=\/wp\/v2\/types\/page"}],"author":[{"embeddable":true,"href":"http:\/\/usvhofamtpriel.at\/index.php?rest_route=\/wp\/v2\/users\/1"}],"replies":[{"embeddable":true,"href":"http:\/\/usvhofamtpriel.at\/index.php?rest_route=%2Fwp%2Fv2%2Fcomments&post=740"}],"version-history":[{"count":23,"href":"http:\/\/usvhofamtpriel.at\/index.php?rest_route=\/wp\/v2\/pages\/740\/revisions"}],"predecessor-version":[{"id":5514,"href":"http:\/\/usvhofamtpriel.at\/index.php?rest_route=\/wp\/v2\/pages\/740\/revisions\/5514"}],"up":[{"embeddable":true,"href":"http:\/\/usvhofamtpriel.at\/index.php?rest_route=\/wp\/v2\/pages\/21"}],"wp:attachment":[{"href":"http:\/\/usvhofamtpriel.at\/index.php?rest_route=%2Fwp%2Fv2%2Fmedia&parent=740"}],"curies":[{"name":"wp","href":"https:\/\/api.w.org\/{rel}","templated":true}]}}